{"id":31223,"date":"2023-12-14T11:47:12","date_gmt":"2023-12-14T10:47:12","guid":{"rendered":"https:\/\/carpem.stage.spacerdesign.com\/seminars-and-congresses\/"},"modified":"2023-12-14T11:47:12","modified_gmt":"2023-12-14T10:47:12","slug":"seminars-and-congresses","status":"publish","type":"page","link":"https:\/\/carpem.stage.spacerdesign.com\/en\/seminars-and-congresses\/","title":{"rendered":"Seminars and congresses"},"content":{"rendered":"<div class=\"wpb-content-wrapper\"><p>[vc_row full_width=&#8221;stretch_row&#8221; css=&#8221;.vc_custom_1696592566276{margin-bottom: 0px !important;background-color: #e1edf4 !important;}&#8221; custom_css_code=&#8221;JTQwbWVkaWElMjhtYXgtd2lkdGglM0ExMTk5cHglMjklN0IlMEElMjAlMjAlMjAlMjAucm93JTIwJTNFJTIwJTJBJTIwJTdCJTBBJTIwJTIwJTIwJTIwJTIwJTIwJTIwJTIwbWFyZ2luLXRvcCUzQSUyMDAlM0IlMEElMjAlMjAlMjAlMjAlN0QlMEElN0QlMEEudGl0bGUlMjAudGl0bGUtaDYlMjAlN0IlMEElMjAlMjAlMjAlMjBmb250LXNpemUlM0ExOXB4JTNCJTBBJTIwJTIwJTIwJTIwbGluZS1oZWlnaHQlM0EzMHB4JTNCJTBBJTIwJTIwJTIwJTIwdGV4dC10cmFuc2Zvcm0lM0ElMjBub25lJTNCJTBBJTdE&#8221;][vc_column]<style>.portfolio.news-grid#style-2916524 .portfolio-item:not(.size-item), .preloader#style-preloader-2916524 .portfolio-item { padding: calc(42px\/2) !important; }.portfolio.news-grid#style-2916524 .portfolio-item.size-item { padding: 0 calc(42px\/2) !important; }.portfolio.news-grid#style-2916524 .portfolio-row, .preloader#style-preloader-2916524 .skeleton-posts.portfolio-row { margin: calc(-42px\/2); }.portfolio.news-grid#style-2916524.fullwidth-columns .portfolio-row { margin: calc(-42px\/2) 0; }.portfolio.news-grid#style-2916524 .fullwidth-block:not(.no-paddings) { padding-left: 42px; padding-right: 42px; }.portfolio.news-grid#style-2916524 .fullwidth-block .portfolio-row { padding-left: calc(42px\/2); padding-right: calc(42px\/2); }.portfolio.news-grid#style-2916524 .fullwidth-block .portfolio-top-panel { padding-left: 42px; padding-right: 42px; }.portfolio.news-grid#style-2916524.fullwidth-columns .with-filter-sidebar .filter-sidebar { padding-left: 42px; }.portfolio.news-grid#style-2916524.list-style.with-divider .portfolio-item .wrap:before { top: calc(-42px\/2); }.portfolio.news-grid#style-2916524 .portfolio-item .caption .title span { letter-spacing: px !important; }.portfolio.news-grid#style-2916524 .portfolio-item .caption .title { color: #2c2e3d !important; }.portfolio.news-grid#style-2916524 .portfolio-item .caption .title > * { color: #2c2e3d !important; }.portfolio.news-grid#style-2916524 .portfolio-item .caption .title a { color: #2c2e3d !important; }.portfolio.news-grid#style-2916524 .portfolio-item .caption .info .sep { color: #00bcd4 !important; border-left-color: #00bcd4 !important; }.portfolio.news-grid#style-2916524 .portfolio-item .caption .info a { color: #00bcd4 !important; }.portfolio.news-grid#style-2916524 .portfolio-item .wrap > .caption { border-bottom-color: #dfe5e8 !important; }<\/style><style>.portfolio.news-grid#style-2916524 .portfolio-filters { text-align: center; }<\/style> <div class=\"portfolio-preloader-wrapper panel-sidebar-position-left\"> <div class=\"portfolio portfolio-grid extended-portfolio-grid news-grid no-padding portfolio-pagination-more portfolio-style-justified background-style-white title-style-light hover-default title-on-page caption-position-page version-default loading-animation item-animation-move-up columns-3 columns-tablet-2 columns-mobile-1 disable-isotope \" id=\"style-2916524\" data-style-uid=\"2916524\" data-portfolio-uid=\"grid_83f4d0c\" data-current-page=\"1\" data-per-page=\"12\" data-next-page=\"2\" data-pages-count=\"2\" data-hover=\"default\" data-portfolio-filter=\"[]\" data-portfolio-filter-attributes=\"null\" data-portfolio-filter-search=\"\"> <div class=\"portfolio-row-outer \"> <div class=\"portfolio-top-panel selected-only\"> <div class=\"portfolio-filter-item portfolio-selected-filters left\"> <div class=\"portfolio-selected-filter-item clear-filters\"> Clear Filters\t<\/div> <\/div> <\/div> <div class=\"row portfolio-row\"> <div class=\"portfolio-set clearfix\" data-max-row-height=\"380\"> <div class=\"portfolio-item seminars-conferences col-xs-12 col-sm-6 col-md-4 item-animations-not-inited post-hide-categories post-hide-date post-empty-excerpt appearance-type- post-31688 post type-post status-publish format-standard has-post-thumbnail category-seminars-conferences tag-seminaire-en\" data-default-sort=\"0\" data-sort-date=\"1708356298\"> <div class=\"wrap clearfix\"> <div class=\"image post-31688 post type-post status-publish format-standard has-post-thumbnail category-seminars-conferences tag-seminaire-en\"> <div class=\"image-inner \"> <picture> <img src=\"https:\/\/carpem.stage.spacerdesign.com\/wp-content\/uploads\/2026\/04\/transparent-thegem-product-justified-square-m.png\" width=\"400\" height=\"400\" class=\"attachment-thegem-product-justified-square-m\" alt=\"CARPEM Annual Scientific day\" \/> <\/picture> <div class=\"post-featured-content\"><a href=\"https:\/\/carpem.stage.spacerdesign.com\/en\/carpem-annual-scientific-day\/\"> <picture> <source srcset=\"https:\/\/carpem.stage.spacerdesign.com\/wp-content\/uploads\/2024\/02\/Image-04-04-2024-a-10.10-thegem-product-justified-square-m.jpg 1x\" sizes=\"100vw\"> <img src=\"https:\/\/carpem.stage.spacerdesign.com\/wp-content\/uploads\/2024\/02\/Image-04-04-2024-a-10.10-thegem-product-justified-square-m.jpg\" width=\"400\" height=\"259\" class=\"img-responsive\" alt=\"Image 04-04-2024 \u00e0 10.10\" \/> <\/picture> <\/a><\/div> <\/div> <div class=\"overlay\"> <div class=\"overlay-circle\"><\/div> <div class=\"links-wrapper\"> <div class=\"links\"> <div class=\"caption\"> <a href=\"https:\/\/carpem.stage.spacerdesign.com\/en\/carpem-annual-scientific-day\/\" class=\"portfolio-item-link\"> <span class=\"screen-reader-text\">CARPEM Annual Scientific day<\/span> <\/a> <div class=\"description empty-excerpt\"> <\/div> <div class=\"post-author-outer\"> <\/div> <\/div> <\/div> <\/div> <\/div> <\/div> <div class=\"caption post-31688 post type-post status-publish format-standard has-post-thumbnail category-seminars-conferences tag-seminaire-en\"> <div class=\"title\"> <span class=\"title-h6 \"><a href=\"https:\/\/carpem.stage.spacerdesign.com\/en\/carpem-annual-scientific-day\/\" rel=\"bookmark\">CARPEM Annual Scientific day<\/a><\/span> <\/div> <\/div> <\/div> <\/div> <div class=\"portfolio-item seminars-conferences col-xs-12 col-sm-6 col-md-4 item-animations-not-inited post-hide-categories post-hide-date appearance-type- post-31564 post type-post status-publish format-standard has-post-thumbnail category-seminars-conferences tag-seminars\" data-default-sort=\"0\" data-sort-date=\"1707152837\"> <div class=\"wrap clearfix\"> <div class=\"image post-31564 post type-post status-publish format-standard has-post-thumbnail category-seminars-conferences tag-seminars\"> <div class=\"image-inner \"> <picture> <img src=\"https:\/\/carpem.stage.spacerdesign.com\/wp-content\/uploads\/2026\/04\/transparent-thegem-product-justified-square-m.png\" width=\"400\" height=\"400\" class=\"attachment-thegem-product-justified-square-m\" alt=\"S\u00e9minaire Innovations Technologiques &#8211; 12 d\u00e9cembre 2023\" \/> <\/picture> <div class=\"post-featured-content\"><a href=\"https:\/\/carpem.stage.spacerdesign.com\/en\/seminaire-innovations-technologiques-12-decembre-2023\/\"> <picture> <source srcset=\"https:\/\/carpem.stage.spacerdesign.com\/wp-content\/uploads\/2024\/02\/Seminaire-Innov-Techno-thegem-product-justified-square-m.png 1x\" sizes=\"100vw\"> <img src=\"https:\/\/carpem.stage.spacerdesign.com\/wp-content\/uploads\/2024\/02\/Seminaire-Innov-Techno-thegem-product-justified-square-m.png\" width=\"400\" height=\"400\" class=\"img-responsive\" alt=\"S\u00e9minaire-Innov-Techno\" \/> <\/picture> <\/a><\/div> <\/div> <div class=\"overlay\"> <div class=\"overlay-circle\"><\/div> <div class=\"links-wrapper\"> <div class=\"links\"> <div class=\"caption\"> <a href=\"https:\/\/carpem.stage.spacerdesign.com\/en\/seminaire-innovations-technologiques-12-decembre-2023\/\" class=\"portfolio-item-link\"> <span class=\"screen-reader-text\">S\u00e9minaire Innovations Technologiques &#8211; 12 d\u00e9cembre 2023<\/span> <\/a> <div class=\"description \"> <div class=\"subtitle\"> <span class=\"text-body\"><p>Le SiRIC CARPEM organise son 1er\u00a0S\u00e9minaire Innovations Technologiques du CARPEM, le\u00a0mardi&#8230;<\/p>\n<\/span> <\/div> <\/div> <div class=\"post-author-outer\"> <\/div> <\/div> <\/div> <\/div> <\/div> <\/div> <div class=\"caption post-31564 post type-post status-publish format-standard has-post-thumbnail category-seminars-conferences tag-seminars\"> <div class=\"title\"> <span class=\"title-h6 \"><a href=\"https:\/\/carpem.stage.spacerdesign.com\/en\/seminaire-innovations-technologiques-12-decembre-2023\/\" rel=\"bookmark\">S\u00e9minaire Innovations Technologiques &#8211; 12 d\u00e9cembre 2023<\/a><\/span> <\/div> <\/div> <\/div> <\/div> <div class=\"portfolio-item seminars-conferences col-xs-12 col-sm-6 col-md-4 item-animations-not-inited post-hide-categories post-hide-date appearance-type- post-31567 post type-post status-publish format-standard has-post-thumbnail category-seminars-conferences tag-seminars\" data-default-sort=\"0\" data-sort-date=\"1707152429\"> <div class=\"wrap clearfix\"> <div class=\"image post-31567 post type-post status-publish format-standard has-post-thumbnail category-seminars-conferences tag-seminars\"> <div class=\"image-inner \"> <picture> <img src=\"https:\/\/carpem.stage.spacerdesign.com\/wp-content\/uploads\/2026\/04\/transparent-thegem-product-justified-square-m.png\" width=\"400\" height=\"400\" class=\"attachment-thegem-product-justified-square-m\" alt=\"10\u00e8 journ\u00e9e d&#8217;Oncopharmacologie le 1 d\u00e9cembre 2023\" \/> <\/picture> <div class=\"post-featured-content\"><a href=\"https:\/\/carpem.stage.spacerdesign.com\/en\/10e-journee-doncopharmacologie-le-1-decembre-2023\/\"> <picture> <source srcset=\"https:\/\/carpem.stage.spacerdesign.com\/wp-content\/uploads\/2024\/02\/10e-journee-Oncopharmaco-1024x563-1-thegem-product-justified-square-m.png 1x\" sizes=\"100vw\"> <img src=\"https:\/\/carpem.stage.spacerdesign.com\/wp-content\/uploads\/2024\/02\/10e-journee-Oncopharmaco-1024x563-1-thegem-product-justified-square-m.png\" width=\"400\" height=\"400\" class=\"img-responsive\" alt=\"10\u00e8-journ\u00e9e-Oncopharmaco-1024x563\" \/> <\/picture> <\/a><\/div> <\/div> <div class=\"overlay\"> <div class=\"overlay-circle\"><\/div> <div class=\"links-wrapper\"> <div class=\"links\"> <div class=\"caption\"> <a href=\"https:\/\/carpem.stage.spacerdesign.com\/en\/10e-journee-doncopharmacologie-le-1-decembre-2023\/\" class=\"portfolio-item-link\"> <span class=\"screen-reader-text\">10\u00e8 journ\u00e9e d&#8217;Oncopharmacologie le 1 d\u00e9cembre 2023<\/span> <\/a> <div class=\"description \"> <div class=\"subtitle\"> <span class=\"text-body\"><p>La 10\u00e8 journ\u00e9e d\u2019Oncopharmacologie aura lieu le vendredi 1er d\u00e9cembre 2023,&#8230;<\/p>\n<\/span> <\/div> <\/div> <div class=\"post-author-outer\"> <\/div> <\/div> <\/div> <\/div> <\/div> <\/div> <div class=\"caption post-31567 post type-post status-publish format-standard has-post-thumbnail category-seminars-conferences tag-seminars\"> <div class=\"title\"> <span class=\"title-h6 \"><a href=\"https:\/\/carpem.stage.spacerdesign.com\/en\/10e-journee-doncopharmacologie-le-1-decembre-2023\/\" rel=\"bookmark\">10\u00e8 journ\u00e9e d&#8217;Oncopharmacologie le 1 d\u00e9cembre 2023<\/a><\/span> <\/div> <\/div> <\/div> <\/div> <div class=\"portfolio-item seminars-conferences col-xs-12 col-sm-6 col-md-4 item-animations-not-inited post-hide-categories post-hide-date appearance-type- post-31570 post type-post status-publish format-standard has-post-thumbnail category-seminars-conferences tag-seminars\" data-default-sort=\"0\" data-sort-date=\"1689670733\"> <div class=\"wrap clearfix\"> <div class=\"image post-31570 post type-post status-publish format-standard has-post-thumbnail category-seminars-conferences tag-seminars\"> <div class=\"image-inner \"> <picture> <img src=\"https:\/\/carpem.stage.spacerdesign.com\/wp-content\/uploads\/2026\/04\/transparent-thegem-product-justified-square-m.png\" width=\"400\" height=\"400\" class=\"attachment-thegem-product-justified-square-m\" alt=\"Journ\u00e9e scientifique du CRC &#8211; 21\/09\/2023\" \/> <\/picture> <div class=\"post-featured-content\"><a href=\"https:\/\/carpem.stage.spacerdesign.com\/en\/evenement-journee-scientifique-du-crc-21-09-2023\/\"> <picture> <source srcset=\"https:\/\/carpem.stage.spacerdesign.com\/wp-content\/uploads\/2023\/09\/image001-1.jpg 1x\" sizes=\"100vw\"> <img src=\"https:\/\/carpem.stage.spacerdesign.com\/wp-content\/uploads\/2023\/09\/image001-1.jpg\" width=\"400\" height=\"267\" class=\"img-responsive\" alt=\"image001-1\" \/> <\/picture> <\/a><\/div> <\/div> <div class=\"overlay\"> <div class=\"overlay-circle\"><\/div> <div class=\"links-wrapper\"> <div class=\"links\"> <div class=\"caption\"> <a href=\"https:\/\/carpem.stage.spacerdesign.com\/en\/evenement-journee-scientifique-du-crc-21-09-2023\/\" class=\"portfolio-item-link\"> <span class=\"screen-reader-text\">Journ\u00e9e scientifique du CRC &#8211; 21\/09\/2023<\/span> <\/a> <div class=\"description \"> <div class=\"subtitle\"> <span class=\"text-body\"><p>Journ\u00e9e scientifique du CRC le 21 septembre 2023 La journ\u00e9e scientifique&#8230;<\/p>\n<\/span> <\/div> <\/div> <div class=\"post-author-outer\"> <\/div> <\/div> <\/div> <\/div> <\/div> <\/div> <div class=\"caption post-31570 post type-post status-publish format-standard has-post-thumbnail category-seminars-conferences tag-seminars\"> <div class=\"title\"> <span class=\"title-h6 \"><a href=\"https:\/\/carpem.stage.spacerdesign.com\/en\/evenement-journee-scientifique-du-crc-21-09-2023\/\" rel=\"bookmark\">Journ\u00e9e scientifique du CRC &#8211; 21\/09\/2023<\/a><\/span> <\/div> <\/div> <\/div> <\/div> <div class=\"portfolio-item seminars-conferences col-xs-12 col-sm-6 col-md-4 item-animations-not-inited post-hide-categories post-hide-date appearance-type- post-31573 post type-post status-publish format-standard has-post-thumbnail category-seminars-conferences tag-seminaire-en tag-seminars\" data-default-sort=\"0\" data-sort-date=\"1687941823\"> <div class=\"wrap clearfix\"> <div class=\"image post-31573 post type-post status-publish format-standard has-post-thumbnail category-seminars-conferences tag-seminaire-en tag-seminars\"> <div class=\"image-inner \"> <picture> <img src=\"https:\/\/carpem.stage.spacerdesign.com\/wp-content\/uploads\/2026\/04\/transparent-thegem-product-justified-square-m.png\" width=\"400\" height=\"400\" class=\"attachment-thegem-product-justified-square-m\" alt=\"Le 16\u00e8 Colloque annuel du Canc\u00e9rop\u00f4le Ile-de-France aura lieu le 17 janvier 2023\" \/> <\/picture> <div class=\"post-featured-content\"><a href=\"https:\/\/carpem.stage.spacerdesign.com\/en\/le-16e-colloque-annuel-du-canceropole-ile-de-france-aura-lieu-le-17-janvier-2023\/\"> <picture> <source srcset=\"https:\/\/carpem.stage.spacerdesign.com\/wp-content\/uploads\/2023\/09\/Canceropole-thegem-product-justified-square-m.jpg 1x\" sizes=\"100vw\"> <img src=\"https:\/\/carpem.stage.spacerdesign.com\/wp-content\/uploads\/2023\/09\/Canceropole-thegem-product-justified-square-m.jpg\" width=\"400\" height=\"400\" class=\"img-responsive\" alt=\"Canceropole\" \/> <\/picture> <\/a><\/div> <\/div> <div class=\"overlay\"> <div class=\"overlay-circle\"><\/div> <div class=\"links-wrapper\"> <div class=\"links\"> <div class=\"caption\"> <a href=\"https:\/\/carpem.stage.spacerdesign.com\/en\/le-16e-colloque-annuel-du-canceropole-ile-de-france-aura-lieu-le-17-janvier-2023\/\" class=\"portfolio-item-link\"> <span class=\"screen-reader-text\">Le 16\u00e8 Colloque annuel du Canc\u00e9rop\u00f4le Ile-de-France aura lieu le 17 janvier 2023<\/span> <\/a> <div class=\"description \"> <div class=\"subtitle\"> <span class=\"text-body\"><p>Le 16e colloque annuel du Canc\u00e9rop\u00f4le IDF aura lieu le jeudi&#8230;<\/p>\n<\/span> <\/div> <\/div> <div class=\"post-author-outer\"> <\/div> <\/div> <\/div> <\/div> <\/div> <\/div> <div class=\"caption post-31573 post type-post status-publish format-standard has-post-thumbnail category-seminars-conferences tag-seminaire-en tag-seminars\"> <div class=\"title\"> <span class=\"title-h6 \"><a href=\"https:\/\/carpem.stage.spacerdesign.com\/en\/le-16e-colloque-annuel-du-canceropole-ile-de-france-aura-lieu-le-17-janvier-2023\/\" rel=\"bookmark\">Le 16\u00e8 Colloque annuel du Canc\u00e9rop\u00f4le Ile-de-France aura lieu le 17 janvier 2023<\/a><\/span> <\/div> <\/div> <\/div> <\/div> <div class=\"portfolio-item seminars-conferences col-xs-12 col-sm-6 col-md-4 item-animations-not-inited post-hide-categories post-hide-date appearance-type- post-29899 post type-post status-publish format-standard has-post-thumbnail category-seminars-conferences tag-seminars\" data-default-sort=\"0\" data-sort-date=\"1668433779\"> <div class=\"wrap clearfix\"> <div class=\"image post-29899 post type-post status-publish format-standard has-post-thumbnail category-seminars-conferences tag-seminars\"> <div class=\"image-inner \"> <picture> <img src=\"https:\/\/carpem.stage.spacerdesign.com\/wp-content\/uploads\/2026\/04\/transparent-thegem-product-justified-square-m.png\" width=\"400\" height=\"400\" class=\"attachment-thegem-product-justified-square-m\" alt=\"[SIRIC Curie] Symposium dedicated to Fabrizia Stavru 2nd use of health data: what conditions for sharing in confidence?\" \/> <\/picture> <div class=\"post-featured-content\"><a href=\"https:\/\/carpem.stage.spacerdesign.com\/en\/siric-curie-symposium-dedicated-to-fabrizia-stavru-2nd-use-of-health-data-what-conditions-for-sharing-in-confidence\/\"> <picture> <source srcset=\"https:\/\/carpem.stage.spacerdesign.com\/wp-content\/uploads\/2023\/09\/Sympo-Curie-91222-thegem-product-justified-square-m.jpeg 1x\" sizes=\"100vw\"> <img src=\"https:\/\/carpem.stage.spacerdesign.com\/wp-content\/uploads\/2023\/09\/Sympo-Curie-91222-thegem-product-justified-square-m.jpeg\" width=\"400\" height=\"301\" class=\"img-responsive\" alt=\"Sympo-Curie-91222\" \/> <\/picture> <\/a><\/div> <\/div> <div class=\"overlay\"> <div class=\"overlay-circle\"><\/div> <div class=\"links-wrapper\"> <div class=\"links\"> <div class=\"caption\"> <a href=\"https:\/\/carpem.stage.spacerdesign.com\/en\/siric-curie-symposium-dedicated-to-fabrizia-stavru-2nd-use-of-health-data-what-conditions-for-sharing-in-confidence\/\" class=\"portfolio-item-link\"> <span class=\"screen-reader-text\">[SIRIC Curie] Symposium dedicated to Fabrizia Stavru 2nd use of health data: what conditions for sharing in confidence?<\/span> <\/a> <div class=\"description \"> <div class=\"subtitle\"> <span class=\"text-body\"><p>The SIRIC Curie organizes on Friday, December 9, 2022 a symposium&#8230;<\/p>\n<\/span> <\/div> <\/div> <div class=\"post-author-outer\"> <\/div> <\/div> <\/div> <\/div> <\/div> <\/div> <div class=\"caption post-29899 post type-post status-publish format-standard has-post-thumbnail category-seminars-conferences tag-seminars\"> <div class=\"title\"> <span class=\"title-h6 \"><a href=\"https:\/\/carpem.stage.spacerdesign.com\/en\/siric-curie-symposium-dedicated-to-fabrizia-stavru-2nd-use-of-health-data-what-conditions-for-sharing-in-confidence\/\" rel=\"bookmark\">[SIRIC Curie] Symposium dedicated to Fabrizia Stavru 2nd use of health data: what conditions for sharing in confidence?<\/a><\/span> <\/div> <\/div> <\/div> <\/div> <div class=\"portfolio-item seminars-conferences col-xs-12 col-sm-6 col-md-4 item-animations-not-inited post-hide-categories post-hide-date appearance-type- post-29898 post type-post status-publish format-standard has-post-thumbnail category-seminars-conferences tag-seminars\" data-default-sort=\"0\" data-sort-date=\"1668416092\"> <div class=\"wrap clearfix\"> <div class=\"image post-29898 post type-post status-publish format-standard has-post-thumbnail category-seminars-conferences tag-seminars\"> <div class=\"image-inner \"> <picture> <img src=\"https:\/\/carpem.stage.spacerdesign.com\/wp-content\/uploads\/2026\/04\/transparent-thegem-product-justified-square-m.png\" width=\"400\" height=\"400\" class=\"attachment-thegem-product-justified-square-m\" alt=\"9th Onco-Pharmacology Day on December 2, 2022\" \/> <\/picture> <div class=\"post-featured-content\"><a href=\"https:\/\/carpem.stage.spacerdesign.com\/en\/9th-onco-pharmacology-day-on-december-2-2022\/\"> <picture> <source srcset=\"https:\/\/carpem.stage.spacerdesign.com\/wp-content\/uploads\/2023\/09\/Image-en-avant-1-thegem-product-justified-square-m.jpg 1x\" sizes=\"100vw\"> <img src=\"https:\/\/carpem.stage.spacerdesign.com\/wp-content\/uploads\/2023\/09\/Image-en-avant-1-thegem-product-justified-square-m.jpg\" width=\"400\" height=\"400\" class=\"img-responsive\" alt=\"Image-en-avant\" \/> <\/picture> <\/a><\/div> <\/div> <div class=\"overlay\"> <div class=\"overlay-circle\"><\/div> <div class=\"links-wrapper\"> <div class=\"links\"> <div class=\"caption\"> <a href=\"https:\/\/carpem.stage.spacerdesign.com\/en\/9th-onco-pharmacology-day-on-december-2-2022\/\" class=\"portfolio-item-link\"> <span class=\"screen-reader-text\">9th Onco-Pharmacology Day on December 2, 2022<\/span> <\/a> <div class=\"description \"> <div class=\"subtitle\"> <span class=\"text-body\"><p>The 9th Onco-Pharmacology Day co-organized by the members of SIRIC CARPEM&#8230;<\/p>\n<\/span> <\/div> <\/div> <div class=\"post-author-outer\"> <\/div> <\/div> <\/div> <\/div> <\/div> <\/div> <div class=\"caption post-29898 post type-post status-publish format-standard has-post-thumbnail category-seminars-conferences tag-seminars\"> <div class=\"title\"> <span class=\"title-h6 \"><a href=\"https:\/\/carpem.stage.spacerdesign.com\/en\/9th-onco-pharmacology-day-on-december-2-2022\/\" rel=\"bookmark\">9th Onco-Pharmacology Day on December 2, 2022<\/a><\/span> <\/div> <\/div> <\/div> <\/div> <div class=\"portfolio-item seminars-conferences col-xs-12 col-sm-6 col-md-4 item-animations-not-inited post-hide-categories post-hide-date appearance-type- post-29897 post type-post status-publish format-standard has-post-thumbnail category-seminars-conferences tag-seminars\" data-default-sort=\"0\" data-sort-date=\"1666963001\"> <div class=\"wrap clearfix\"> <div class=\"image post-29897 post type-post status-publish format-standard has-post-thumbnail category-seminars-conferences tag-seminars\"> <div class=\"image-inner \"> <picture> <img src=\"https:\/\/carpem.stage.spacerdesign.com\/wp-content\/uploads\/2026\/04\/transparent-thegem-product-justified-square-m.png\" width=\"400\" height=\"400\" class=\"attachment-thegem-product-justified-square-m\" alt=\"The 1st General Assembly of the Paris Cancer Institute CARPEM and SIRIC CARPEM will take place on November 30, 2022\" \/> <\/picture> <div class=\"post-featured-content\"><a href=\"https:\/\/carpem.stage.spacerdesign.com\/en\/the-1st-general-assembly-of-the-paris-cancer-institute-carpem-and-siric-carpem-will-take-place-on-november-30-2022\/\"> <picture> <source srcset=\"https:\/\/carpem.stage.spacerdesign.com\/wp-content\/uploads\/2023\/09\/seminaire-AG2-scaled-1-thegem-product-justified-square-m.jpg 1x\" sizes=\"100vw\"> <img src=\"https:\/\/carpem.stage.spacerdesign.com\/wp-content\/uploads\/2023\/09\/seminaire-AG2-scaled-1-thegem-product-justified-square-m.jpg\" width=\"400\" height=\"400\" class=\"img-responsive\" alt=\"seminaire-AG2-scaled\" \/> <\/picture> <\/a><\/div> <\/div> <div class=\"overlay\"> <div class=\"overlay-circle\"><\/div> <div class=\"links-wrapper\"> <div class=\"links\"> <div class=\"caption\"> <a href=\"https:\/\/carpem.stage.spacerdesign.com\/en\/the-1st-general-assembly-of-the-paris-cancer-institute-carpem-and-siric-carpem-will-take-place-on-november-30-2022\/\" class=\"portfolio-item-link\"> <span class=\"screen-reader-text\">The 1st General Assembly of the Paris Cancer Institute CARPEM and SIRIC CARPEM will take place on November 30, 2022<\/span> <\/a> <div class=\"description \"> <div class=\"subtitle\"> <span class=\"text-body\"><p>The first general assembly of the Paris Cancer Institute CARPEM will&#8230;<\/p>\n<\/span> <\/div> <\/div> <div class=\"post-author-outer\"> <\/div> <\/div> <\/div> <\/div> <\/div> <\/div> <div class=\"caption post-29897 post type-post status-publish format-standard has-post-thumbnail category-seminars-conferences tag-seminars\"> <div class=\"title\"> <span class=\"title-h6 \"><a href=\"https:\/\/carpem.stage.spacerdesign.com\/en\/the-1st-general-assembly-of-the-paris-cancer-institute-carpem-and-siric-carpem-will-take-place-on-november-30-2022\/\" rel=\"bookmark\">The 1st General Assembly of the Paris Cancer Institute CARPEM and SIRIC CARPEM will take place on November 30, 2022<\/a><\/span> <\/div> <\/div> <\/div> <\/div> <div class=\"portfolio-item seminars-conferences col-xs-12 col-sm-6 col-md-4 item-animations-not-inited post-hide-categories post-hide-date appearance-type- post-31579 post type-post status-publish format-standard has-post-thumbnail category-seminars-conferences tag-seminars\" data-default-sort=\"0\" data-sort-date=\"1663061848\"> <div class=\"wrap clearfix\"> <div class=\"image post-31579 post type-post status-publish format-standard has-post-thumbnail category-seminars-conferences tag-seminars\"> <div class=\"image-inner \"> <picture> <img src=\"https:\/\/carpem.stage.spacerdesign.com\/wp-content\/uploads\/2026\/04\/transparent-thegem-product-justified-square-m.png\" width=\"400\" height=\"400\" class=\"attachment-thegem-product-justified-square-m\" alt=\"[S\u00e9minaires] &#8211; S\u00e9minaires du mois de Septembre\" \/> <\/picture> <div class=\"post-featured-content\"><a href=\"https:\/\/carpem.stage.spacerdesign.com\/en\/seminaires-seminaires-du-mois-de-septembre\/\"> <picture> <source srcset=\"https:\/\/carpem.stage.spacerdesign.com\/wp-content\/uploads\/2023\/09\/Sans-titre-3.jpg 1x\" sizes=\"100vw\"> <img src=\"https:\/\/carpem.stage.spacerdesign.com\/wp-content\/uploads\/2023\/09\/Sans-titre-3.jpg\" width=\"369\" height=\"207\" class=\"img-responsive\" alt=\"Sans-titre\" \/> <\/picture> <\/a><\/div> <\/div> <div class=\"overlay\"> <div class=\"overlay-circle\"><\/div> <div class=\"links-wrapper\"> <div class=\"links\"> <div class=\"caption\"> <a href=\"https:\/\/carpem.stage.spacerdesign.com\/en\/seminaires-seminaires-du-mois-de-septembre\/\" class=\"portfolio-item-link\"> <span class=\"screen-reader-text\">[S\u00e9minaires] &#8211; S\u00e9minaires du mois de Septembre<\/span> <\/a> <div class=\"description \"> <div class=\"subtitle\"> <span class=\"text-body\"><p>Retrouvez ci-dessous les s\u00e9minaires du mois de Septembre organis\u00e9s par nos&#8230;<\/p>\n<\/span> <\/div> <\/div> <div class=\"post-author-outer\"> <\/div> <\/div> <\/div> <\/div> <\/div> <\/div> <div class=\"caption post-31579 post type-post status-publish format-standard has-post-thumbnail category-seminars-conferences tag-seminars\"> <div class=\"title\"> <span class=\"title-h6 \"><a href=\"https:\/\/carpem.stage.spacerdesign.com\/en\/seminaires-seminaires-du-mois-de-septembre\/\" rel=\"bookmark\">[S\u00e9minaires] &#8211; S\u00e9minaires du mois de Septembre<\/a><\/span> <\/div> <\/div> <\/div> <\/div> <div class=\"portfolio-item seminars-conferences col-xs-12 col-sm-6 col-md-4 item-animations-not-inited post-hide-categories post-hide-date appearance-type- post-31582 post type-post status-publish format-standard has-post-thumbnail category-seminars-conferences tag-seminars\" data-default-sort=\"0\" data-sort-date=\"1655973941\"> <div class=\"wrap clearfix\"> <div class=\"image post-31582 post type-post status-publish format-standard has-post-thumbnail category-seminars-conferences tag-seminars\"> <div class=\"image-inner \"> <picture> <img src=\"https:\/\/carpem.stage.spacerdesign.com\/wp-content\/uploads\/2026\/04\/transparent-thegem-product-justified-square-m.png\" width=\"400\" height=\"400\" class=\"attachment-thegem-product-justified-square-m\" alt=\"[\u00c9v\u00e8nement] Colloque SHS &#8211; Cancers p\u00e9diatriques et g\u00e9nomique, un changement majeur?\" \/> <\/picture> <div class=\"post-featured-content\"><a href=\"https:\/\/carpem.stage.spacerdesign.com\/en\/evenement-colloque-shs-cancers-pediatriques-et-genomique-un-changement-majeur\/\"> <picture> <source srcset=\"https:\/\/carpem.stage.spacerdesign.com\/wp-content\/uploads\/2023\/09\/Sans-titre-2-thegem-product-justified-square-m.jpg 1x\" sizes=\"100vw\"> <img src=\"https:\/\/carpem.stage.spacerdesign.com\/wp-content\/uploads\/2023\/09\/Sans-titre-2-thegem-product-justified-square-m.jpg\" width=\"400\" height=\"400\" class=\"img-responsive\" alt=\"Sans-titre\" \/> <\/picture> <\/a><\/div> <\/div> <div class=\"overlay\"> <div class=\"overlay-circle\"><\/div> <div class=\"links-wrapper\"> <div class=\"links\"> <div class=\"caption\"> <a href=\"https:\/\/carpem.stage.spacerdesign.com\/en\/evenement-colloque-shs-cancers-pediatriques-et-genomique-un-changement-majeur\/\" class=\"portfolio-item-link\"> <span class=\"screen-reader-text\">[\u00c9v\u00e8nement] Colloque SHS &#8211; Cancers p\u00e9diatriques et g\u00e9nomique, un changement majeur?<\/span> <\/a> <div class=\"description \"> <div class=\"subtitle\"> <span class=\"text-body\"><p>L\u2019objectif de ce colloque est de pr\u00e9senter des travaux de sciences&#8230;<\/p>\n<\/span> <\/div> <\/div> <div class=\"post-author-outer\"> <\/div> <\/div> <\/div> <\/div> <\/div> <\/div> <div class=\"caption post-31582 post type-post status-publish format-standard has-post-thumbnail category-seminars-conferences tag-seminars\"> <div class=\"title\"> <span class=\"title-h6 \"><a href=\"https:\/\/carpem.stage.spacerdesign.com\/en\/evenement-colloque-shs-cancers-pediatriques-et-genomique-un-changement-majeur\/\" rel=\"bookmark\">[\u00c9v\u00e8nement] Colloque SHS &#8211; Cancers p\u00e9diatriques et g\u00e9nomique, un changement majeur?<\/a><\/span> <\/div> <\/div> <\/div> <\/div> <div class=\"portfolio-item seminars-conferences col-xs-12 col-sm-6 col-md-4 item-animations-not-inited post-hide-categories post-hide-date appearance-type- post-29870 post type-post status-publish format-standard has-post-thumbnail category-seminars-conferences tag-seminars\" data-default-sort=\"0\" data-sort-date=\"1651405668\"> <div class=\"wrap clearfix\"> <div class=\"image post-29870 post type-post status-publish format-standard has-post-thumbnail category-seminars-conferences tag-seminars\"> <div class=\"image-inner \"> <picture> <img src=\"https:\/\/carpem.stage.spacerdesign.com\/wp-content\/uploads\/2026\/04\/transparent-thegem-product-justified-square-m.png\" width=\"400\" height=\"400\" class=\"attachment-thegem-product-justified-square-m\" alt=\"[Event] Symposium \u00ab 20th anniversary of Institut Cochin \u00bb\" \/> <\/picture> <div class=\"post-featured-content\"><a href=\"https:\/\/carpem.stage.spacerdesign.com\/en\/event-symposium-20th-anniversary-of-institut-cochin\/\"> <picture> <source srcset=\"https:\/\/carpem.stage.spacerdesign.com\/wp-content\/uploads\/2023\/09\/Animation-symposium-20anniversary-vignette-thegem-product-justified-square-m.jpeg 1x\" sizes=\"100vw\"> <img src=\"https:\/\/carpem.stage.spacerdesign.com\/wp-content\/uploads\/2023\/09\/Animation-symposium-20anniversary-vignette-thegem-product-justified-square-m.jpeg\" width=\"400\" height=\"300\" class=\"img-responsive\" alt=\"Animation-symposium-20anniversary-vignette\" \/> <\/picture> <\/a><\/div> <\/div> <div class=\"overlay\"> <div class=\"overlay-circle\"><\/div> <div class=\"links-wrapper\"> <div class=\"links\"> <div class=\"caption\"> <a href=\"https:\/\/carpem.stage.spacerdesign.com\/en\/event-symposium-20th-anniversary-of-institut-cochin\/\" class=\"portfolio-item-link\"> <span class=\"screen-reader-text\">[Event] Symposium \u00ab 20th anniversary of Institut Cochin \u00bb<\/span> <\/a> <div class=\"description \"> <div class=\"subtitle\"> <span class=\"text-body\"><p>SIRIC CARPEM is pleased to participate in the 20th anniversary of&#8230;<\/p>\n<\/span> <\/div> <\/div> <div class=\"post-author-outer\"> <\/div> <\/div> <\/div> <\/div> <\/div> <\/div> <div class=\"caption post-29870 post type-post status-publish format-standard has-post-thumbnail category-seminars-conferences tag-seminars\"> <div class=\"title\"> <span class=\"title-h6 \"><a href=\"https:\/\/carpem.stage.spacerdesign.com\/en\/event-symposium-20th-anniversary-of-institut-cochin\/\" rel=\"bookmark\">[Event] Symposium \u00ab 20th anniversary of Institut Cochin \u00bb<\/a><\/span> <\/div> <\/div> <\/div> <\/div> <div class=\"portfolio-item seminars-conferences col-xs-12 col-sm-6 col-md-4 item-animations-not-inited post-hide-categories post-hide-date appearance-type- post-29871 post type-post status-publish format-standard has-post-thumbnail category-seminars-conferences tag-seminars\" data-default-sort=\"0\" data-sort-date=\"1649236685\"> <div class=\"wrap clearfix\"> <div class=\"image post-29871 post type-post status-publish format-standard has-post-thumbnail category-seminars-conferences tag-seminars\"> <div class=\"image-inner \"> <picture> <img src=\"https:\/\/carpem.stage.spacerdesign.com\/wp-content\/uploads\/2026\/04\/transparent-thegem-product-justified-square-m.png\" width=\"400\" height=\"400\" class=\"attachment-thegem-product-justified-square-m\" alt=\"[Event] LabCluster Tour dedicated to Single Cell &#8211; May 17, 2022\" \/> <\/picture> <div class=\"post-featured-content\"><a href=\"https:\/\/carpem.stage.spacerdesign.com\/en\/event-labcluster-tour-dedicated-to-single-cell-may-17-2022\/\"> <picture> <source srcset=\"https:\/\/carpem.stage.spacerdesign.com\/wp-content\/uploads\/2023\/09\/LabClusterSingleCell-thegem-product-justified-square-m.jpeg 1x\" sizes=\"100vw\"> <img src=\"https:\/\/carpem.stage.spacerdesign.com\/wp-content\/uploads\/2023\/09\/LabClusterSingleCell-thegem-product-justified-square-m.jpeg\" width=\"400\" height=\"400\" class=\"img-responsive\" alt=\"LabClusterSingleCell\" \/> <\/picture> <\/a><\/div> <\/div> <div class=\"overlay\"> <div class=\"overlay-circle\"><\/div> <div class=\"links-wrapper\"> <div class=\"links\"> <div class=\"caption\"> <a href=\"https:\/\/carpem.stage.spacerdesign.com\/en\/event-labcluster-tour-dedicated-to-single-cell-may-17-2022\/\" class=\"portfolio-item-link\"> <span class=\"screen-reader-text\">[Event] LabCluster Tour dedicated to Single Cell &#8211; May 17, 2022<\/span> <\/a> <div class=\"description \"> <div class=\"subtitle\"> <span class=\"text-body\"><p>The Labcluster Tour will be at the Cordeliers Research Center on&#8230;<\/p>\n<\/span> <\/div> <\/div> <div class=\"post-author-outer\"> <\/div> <\/div> <\/div> <\/div> <\/div> <\/div> <div class=\"caption post-29871 post type-post status-publish format-standard has-post-thumbnail category-seminars-conferences tag-seminars\"> <div class=\"title\"> <span class=\"title-h6 \"><a href=\"https:\/\/carpem.stage.spacerdesign.com\/en\/event-labcluster-tour-dedicated-to-single-cell-may-17-2022\/\" rel=\"bookmark\">[Event] LabCluster Tour dedicated to Single Cell &#8211; May 17, 2022<\/a><\/span> <\/div> <\/div> <\/div> <\/div> <\/div><!-- .portflio-set --> <div class=\"portfolio-item-size-container\"> <div class=\"portfolio-item col-xs-12 col-sm-6 col-md-4 item-animations-not-inited post-hide-categories post-hide-date post-29871 post type-post status-publish format-standard has-post-thumbnail category-seminars-conferences tag-seminars\"> <\/div> <\/div> <\/div><!-- .row--> <div class=\"portfolio-load-more\"> <div class=\"inner\"> <style type=\"text\/css\">.thegem-button-69ef17a89f45f9088 .gem-button svg {fill: #000000;}.thegem-button-69ef17a89f45f9088 .gem-button:hover svg {fill: #ffffff;}<\/style><div class=\"gem-button-container gem-button-position-inline thegem-button-69ef17a89f45f9088\" ><button class=\"gem-button gem-button-size-small gem-button-style-outline gem-button-text-weight-thin gem-button-border-1\" data-ll-effect=\"drop-right-without-wrap\" style=\"border-radius: 0px;border-color: #000000;color: #000000;\" onmouseleave=\"this.style.borderColor='#000000';this.style.color='#000000';\" onmouseenter=\"this.style.borderColor='#ffffff';this.style.color='#ffffff';\">SEE ALL THE NEWS<\/button><\/div> <\/div> <\/div> <\/div><!-- .full-width --> <\/div><!-- .portfolio--> <\/div><!-- .portfolio-preloader-wrapper-->[\/vc_column][\/vc_row]<\/p>\n<\/div>","protected":false},"excerpt":{"rendered":"<p>[vc_row full_width=&#8221;stretch_row&#8221; css=&#8221;.vc_custom_1696592566276{margin-bottom: 0px !important;background-color: #e1edf4 !important;}&#8221; custom_css_code=&#8221;JTQwbWVkaWElMjhtYXgtd2lkdGglM0ExMTk5cHglMjklN0IlMEElMjAlMjAlMjAlMjAucm93JTIwJTNFJTIwJTJBJTIwJTdCJTBBJTIwJTIwJTIwJTIwJTIwJTIwJTIwJTIwbWFyZ2luLXRvcCUzQSUyMDAlM0IlMEElMjAlMjAlMjAlMjAlN0QlMEElN0QlMEEudGl0bGUlMjAudGl0bGUtaDYlMjAlN0IlMEElMjAlMjAlMjAlMjBmb250LXNpemUlM0ExOXB4JTNCJTBBJTIwJTIwJTIwJTIwbGluZS1oZWlnaHQlM0EzMHB4JTNCJTBBJTIwJTIwJTIwJTIwdGV4dC10cmFuc2Zvcm0lM0ElMjBub25lJTNCJTBBJTdE&#8221;][vc_column][\/vc_column][\/vc_row]<\/p>\n","protected":false},"author":1,"featured_media":0,"parent":0,"menu_order":0,"comment_status":"closed","ping_status":"closed","template":"","meta":{"footnotes":""},"class_list":["post-31223","page","type-page","status-publish"],"yoast_head":"<!-- This site is optimized with the Yoast SEO plugin v22.7 - https:\/\/yoast.com\/wordpress\/plugins\/seo\/ -->\n<title>Seminars and congresses - Carpem<\/title>\n<meta name=\"robots\" content=\"index, follow, max-snippet:-1, max-image-preview:large, max-video-preview:-1\" \/>\n<link rel=\"canonical\" href=\"https:\/\/carpem.stage.spacerdesign.com\/seminaires-congres\/\" \/>\n<meta property=\"og:locale\" content=\"en_US\" \/>\n<meta property=\"og:type\" content=\"article\" \/>\n<meta property=\"og:title\" content=\"Seminars and congresses - Carpem\" \/>\n<meta property=\"og:description\" content=\"[vc_row full_width=&#8221;stretch_row&#8221; css=&#8221;.vc_custom_1696592566276{margin-bottom: 0px !important;background-color: #e1edf4 !important;}&#8221; custom_css_code=&#8221;JTQwbWVkaWElMjhtYXgtd2lkdGglM0ExMTk5cHglMjklN0IlMEElMjAlMjAlMjAlMjAucm93JTIwJTNFJTIwJTJBJTIwJTdCJTBBJTIwJTIwJTIwJTIwJTIwJTIwJTIwJTIwbWFyZ2luLXRvcCUzQSUyMDAlM0IlMEElMjAlMjAlMjAlMjAlN0QlMEElN0QlMEEudGl0bGUlMjAudGl0bGUtaDYlMjAlN0IlMEElMjAlMjAlMjAlMjBmb250LXNpemUlM0ExOXB4JTNCJTBBJTIwJTIwJTIwJTIwbGluZS1oZWlnaHQlM0EzMHB4JTNCJTBBJTIwJTIwJTIwJTIwdGV4dC10cmFuc2Zvcm0lM0ElMjBub25lJTNCJTBBJTdE&#8221;][vc_column][\/vc_column][\/vc_row]\" \/>\n<meta property=\"og:url\" content=\"https:\/\/carpem.stage.spacerdesign.com\/seminaires-congres\/\" \/>\n<meta property=\"og:site_name\" content=\"Carpem\" \/>\n<meta name=\"twitter:card\" content=\"summary_large_image\" \/>\n<meta name=\"twitter:label1\" content=\"Est. reading time\" \/>\n\t<meta name=\"twitter:data1\" content=\"1 minute\" \/>\n<script type=\"application\/ld+json\" class=\"yoast-schema-graph\">{\"@context\":\"https:\/\/schema.org\",\"@graph\":[{\"@type\":\"WebPage\",\"@id\":\"https:\/\/carpem.stage.spacerdesign.com\/seminaires-congres\/\",\"url\":\"https:\/\/carpem.stage.spacerdesign.com\/seminaires-congres\/\",\"name\":\"Seminars and congresses - Carpem\",\"isPartOf\":{\"@id\":\"https:\/\/carpem.stage.spacerdesign.com\/#website\"},\"datePublished\":\"2023-12-14T10:47:12+00:00\",\"dateModified\":\"2023-12-14T10:47:12+00:00\",\"breadcrumb\":{\"@id\":\"https:\/\/carpem.stage.spacerdesign.com\/seminaires-congres\/#breadcrumb\"},\"inLanguage\":\"en-US\",\"potentialAction\":[{\"@type\":\"ReadAction\",\"target\":[\"https:\/\/carpem.stage.spacerdesign.com\/seminaires-congres\/\"]}]},{\"@type\":\"BreadcrumbList\",\"@id\":\"https:\/\/carpem.stage.spacerdesign.com\/seminaires-congres\/#breadcrumb\",\"itemListElement\":[{\"@type\":\"ListItem\",\"position\":1,\"name\":\"Portada\",\"item\":\"https:\/\/carpem.stage.spacerdesign.com\/en\/\"},{\"@type\":\"ListItem\",\"position\":2,\"name\":\"Seminars and congresses\"}]},{\"@type\":\"WebSite\",\"@id\":\"https:\/\/carpem.stage.spacerdesign.com\/#website\",\"url\":\"https:\/\/carpem.stage.spacerdesign.com\/\",\"name\":\"Carpem\",\"description\":\"\",\"potentialAction\":[{\"@type\":\"SearchAction\",\"target\":{\"@type\":\"EntryPoint\",\"urlTemplate\":\"https:\/\/carpem.stage.spacerdesign.com\/?s={search_term_string}\"},\"query-input\":\"required name=search_term_string\"}],\"inLanguage\":\"en-US\"}]}<\/script>\n<!-- \/ Yoast SEO plugin. -->","yoast_head_json":{"title":"Seminars and congresses - Carpem","robots":{"index":"index","follow":"follow","max-snippet":"max-snippet:-1","max-image-preview":"max-image-preview:large","max-video-preview":"max-video-preview:-1"},"canonical":"https:\/\/carpem.stage.spacerdesign.com\/seminaires-congres\/","og_locale":"en_US","og_type":"article","og_title":"Seminars and congresses - Carpem","og_description":"[vc_row full_width=&#8221;stretch_row&#8221; css=&#8221;.vc_custom_1696592566276{margin-bottom: 0px !important;background-color: #e1edf4 !important;}&#8221; custom_css_code=&#8221;JTQwbWVkaWElMjhtYXgtd2lkdGglM0ExMTk5cHglMjklN0IlMEElMjAlMjAlMjAlMjAucm93JTIwJTNFJTIwJTJBJTIwJTdCJTBBJTIwJTIwJTIwJTIwJTIwJTIwJTIwJTIwbWFyZ2luLXRvcCUzQSUyMDAlM0IlMEElMjAlMjAlMjAlMjAlN0QlMEElN0QlMEEudGl0bGUlMjAudGl0bGUtaDYlMjAlN0IlMEElMjAlMjAlMjAlMjBmb250LXNpemUlM0ExOXB4JTNCJTBBJTIwJTIwJTIwJTIwbGluZS1oZWlnaHQlM0EzMHB4JTNCJTBBJTIwJTIwJTIwJTIwdGV4dC10cmFuc2Zvcm0lM0ElMjBub25lJTNCJTBBJTdE&#8221;][vc_column][\/vc_column][\/vc_row]","og_url":"https:\/\/carpem.stage.spacerdesign.com\/seminaires-congres\/","og_site_name":"Carpem","twitter_card":"summary_large_image","twitter_misc":{"Est. reading time":"1 minute"},"schema":{"@context":"https:\/\/schema.org","@graph":[{"@type":"WebPage","@id":"https:\/\/carpem.stage.spacerdesign.com\/seminaires-congres\/","url":"https:\/\/carpem.stage.spacerdesign.com\/seminaires-congres\/","name":"Seminars and congresses - Carpem","isPartOf":{"@id":"https:\/\/carpem.stage.spacerdesign.com\/#website"},"datePublished":"2023-12-14T10:47:12+00:00","dateModified":"2023-12-14T10:47:12+00:00","breadcrumb":{"@id":"https:\/\/carpem.stage.spacerdesign.com\/seminaires-congres\/#breadcrumb"},"inLanguage":"en-US","potentialAction":[{"@type":"ReadAction","target":["https:\/\/carpem.stage.spacerdesign.com\/seminaires-congres\/"]}]},{"@type":"BreadcrumbList","@id":"https:\/\/carpem.stage.spacerdesign.com\/seminaires-congres\/#breadcrumb","itemListElement":[{"@type":"ListItem","position":1,"name":"Portada","item":"https:\/\/carpem.stage.spacerdesign.com\/en\/"},{"@type":"ListItem","position":2,"name":"Seminars and congresses"}]},{"@type":"WebSite","@id":"https:\/\/carpem.stage.spacerdesign.com\/#website","url":"https:\/\/carpem.stage.spacerdesign.com\/","name":"Carpem","description":"","potentialAction":[{"@type":"SearchAction","target":{"@type":"EntryPoint","urlTemplate":"https:\/\/carpem.stage.spacerdesign.com\/?s={search_term_string}"},"query-input":"required name=search_term_string"}],"inLanguage":"en-US"}]}},"_links":{"self":[{"href":"https:\/\/carpem.stage.spacerdesign.com\/en\/wp-json\/wp\/v2\/pages\/31223","targetHints":{"allow":["GET"]}}],"collection":[{"href":"https:\/\/carpem.stage.spacerdesign.com\/en\/wp-json\/wp\/v2\/pages"}],"about":[{"href":"https:\/\/carpem.stage.spacerdesign.com\/en\/wp-json\/wp\/v2\/types\/page"}],"author":[{"embeddable":true,"href":"https:\/\/carpem.stage.spacerdesign.com\/en\/wp-json\/wp\/v2\/users\/1"}],"replies":[{"embeddable":true,"href":"https:\/\/carpem.stage.spacerdesign.com\/en\/wp-json\/wp\/v2\/comments?post=31223"}],"version-history":[{"count":2,"href":"https:\/\/carpem.stage.spacerdesign.com\/en\/wp-json\/wp\/v2\/pages\/31223\/revisions"}],"predecessor-version":[{"id":31225,"href":"https:\/\/carpem.stage.spacerdesign.com\/en\/wp-json\/wp\/v2\/pages\/31223\/revisions\/31225"}],"wp:attachment":[{"href":"https:\/\/carpem.stage.spacerdesign.com\/en\/wp-json\/wp\/v2\/media?parent=31223"}],"curies":[{"name":"wp","href":"https:\/\/api.w.org\/{rel}","templated":true}]}}